{"id":1937,"date":"2021-04-08T22:56:46","date_gmt":"2021-04-08T20:56:46","guid":{"rendered":"https:\/\/edulead.net\/wels2022\/beirat-programmkomitee-und-themenstrangmoderation\/"},"modified":"2022-07-01T15:04:39","modified_gmt":"2022-07-01T13:04:39","slug":"beirat-programmkomitee-und-themenstrangmoderation","status":"publish","type":"page","link":"https:\/\/wels.edulead.net\/en\/kontakt\/beirat-programmkomitee-und-themenstrangmoderation\/","title":{"rendered":"Advisory board, program committee and thread moderator"},"content":{"rendered":"\t\t<div data-elementor-type=\"wp-page\" data-elementor-id=\"1937\" data-post-id=\"1937\" data-obj-id=\"1937\" class=\"elementor elementor-1937 dce-elementor-post-1937 elementor-1166\" data-elementor-post-type=\"page\">\n\t\t\t\t\t\t<section class=\"elementor-section elementor-top-section elementor-element elementor-element-b430144 elementor-section-boxed elementor-section-height-default elementor-section-height-default\" data-id=\"b430144\" data-element_type=\"section\" data-e-type=\"section\">\n\t\t\t\t\t\t<div class=\"elementor-container elementor-column-gap-default\">\n\t\t\t\t\t<div class=\"elementor-column elementor-col-100 elementor-top-column elementor-element elementor-element-7133020\" data-id=\"7133020\" data-element_type=\"column\" data-e-type=\"column\">\n\t\t\t<div class=\"elementor-widget-wrap elementor-element-populated\">\n\t\t\t\t\t\t<div class=\"elementor-element elementor-element-5b98110 elementor-widget elementor-widget-text-editor\" data-id=\"5b98110\" data-element_type=\"widget\" data-e-type=\"widget\" data-widget_type=\"text-editor.default\">\n\t\t\t\t<div class=\"elementor-widget-container\">\n\t\t\t\t\t\t\t\t\t<p>Die Vorbereitung des Programms wird von nationalen und internationalen Experten in den Bereichen Forschung, Bildungsverwaltung, Unterst\u00fctzungssysteme, Wirtschaft, Bildungspraxis und Drittsektor unterst\u00fctzt. Sie unterst\u00fctzen die Konferenzleitung bei verschiedenen Themen: Konferenzthema, Konzept des Programms, \u00dcberpr\u00fcfung der Vorschl\u00e4ge, Unterst\u00fctzung der Referierenden vor und w\u00e4hrend der Konferenz, Moderation, Dokumentation (Ver\u00f6ffentlichungen und Informationen auf dieser Website).<\/p>\n\t\t\t\t\t\t\t\t<\/div>\n\t\t\t\t<\/div>\n\t\t\t\t<section class=\"elementor-section elementor-inner-section elementor-element elementor-element-bb5fd50 elementor-section-boxed elementor-section-height-default elementor-section-height-default\" data-id=\"bb5fd50\" data-element_type=\"section\" data-e-type=\"section\">\n\t\t\t\t\t\t<div class=\"elementor-container elementor-column-gap-default\">\n\t\t\t\t\t<div class=\"elementor-column elementor-col-50 elementor-inner-column elementor-element elementor-element-6dddb7f\" data-id=\"6dddb7f\" data-element_type=\"column\" data-e-type=\"column\">\n\t\t\t<div class=\"elementor-widget-wrap elementor-element-populated\">\n\t\t\t\t\t\t<div class=\"elementor-element elementor-element-3922809 elementor-widget elementor-widget-text-editor\" data-id=\"3922809\" data-element_type=\"widget\" data-e-type=\"widget\" data-widget_type=\"text-editor.default\">\n\t\t\t\t<div class=\"elementor-widget-container\">\n\t\t\t\t\t\t\t\t\t<p><strong>Praxis und Berufsverb\u00e4nde<\/strong><\/p>\n<ul>\n<li><strong>Dr. Bernd Uwe Althaus<\/strong>, Katholische Erziehergemeinschaft Deutschlands<\/li>\n<li><strong>Peter Baumann<\/strong>, Verband Schulleiterinnen und Schulleiter Schweiz<\/li>\n<li><strong>Marcus Casutt<\/strong>, Dachverband offene Kinder- und Jugendarbeit Schweiz<\/li>\n<li><strong>Bernhard Gertsch<\/strong>, Verband Schulleiterinnen und Schulleiter Schweiz<\/li>\n<li><strong>Sigrid Hader-Popp<\/strong>, ehem. Gymnasium Herzogenaurach, Deutschland<\/li>\n<li><strong>Micha Heimler<\/strong>, Schule Beckenried, Schweiz<\/li>\n<li><strong>Ursula Huber<\/strong>, profilQ \u2013 Professionalisierung durch schulinterne Qualit\u00e4tsentwicklung (eine Initiative der Dachverb\u00e4nde LCH und VSLCH), Schweiz<\/li>\n<li><strong>Frido Koch<\/strong>, Sekundarschule W\u00e4denswil, Schweiz<\/li>\n<li><strong>Urs Marti<\/strong>, YES (ehem. Jugend und Wirtschaft), Schweiz<\/li>\n<li><strong>Peter Meier<\/strong>, Schule Steinhausen, Schweiz<\/li>\n<li><strong>Urs Landolt<\/strong>, Stadtschulen Zug, Schweiz<\/li>\n<li><strong>Mirjam Obrist<\/strong>, Schule Baden, Schweiz<\/li>\n<li><strong>Max Schmid<\/strong>, Sekundarschule Thalwil, Schweiz<\/li>\n<li><strong>Dr. Beat A. Schwendimann<\/strong>, Dachverband Lehrerinnen und Lehrer Schweiz<\/li>\n<li><strong>Nicole Steiner<\/strong>, Schule Ettiswil, Schweiz<\/li>\n<li><strong>Gudrun Wolters-Vogeler<\/strong>, Allgemeiner Schulleitungsverband Deutschlands e.V.<\/li>\n<li><strong>Beat W. Zemp<\/strong>, Dachverband Lehrerinnen und Lehrer Schweiz<\/li>\n<li><strong>Alumni des MA Schulentwicklung, MAS Schulmanagement and CAS Educational Governance<\/strong><\/li>\n<\/ul>\n<p>\u00a0<\/p>\n<p><strong>Beh\u00f6rden und Unterst\u00fctzer<\/strong><\/p>\n<ul>\n<li><strong>Heinz Amstad<\/strong>, ehem. Amt f\u00fcr Br\u00fcckenangebote Kanton Zug, Schweiz<\/li>\n<li><strong>Niels Anderegg<\/strong>, P\u00e4dagogische Hochschule Z\u00fcrich, Schweiz<\/li>\n<li><strong>Siegfried Arnz<\/strong>, <span class=\"st\">Senatsverwaltung f\u00fcr Bildung, Wissenschaft und Forschung Berlin<\/span>, Deutschland<\/li>\n<li><strong>Martin Baumgartner<\/strong>, Schweizerisches Zentrum f\u00fcr die Mittelschule, Schweiz<\/li>\n<li><strong>Claudia Bischofberger<\/strong>, P\u00e4dagogische Hochschule Zug, Schweiz<\/li>\n<li><strong>Prof. Ursula Bolli-Schaffner<\/strong>, Z\u00fcricher Hochschule f\u00fcr Angewandte Wissenschaften, Schweiz<\/li>\n<li><strong>Dr. Barbara Bonhage<\/strong>, CAS Educational Governance, Hochschule Luzern \u2013 Wirtschaft, Schweiz<\/li>\n<li><strong>Johannes Breitschaft<\/strong>, P\u00e4dagogische Hochschule Z\u00fcrich, Schweiz<\/li>\n<li><strong>Etienne B\u00fctikofer<\/strong>, savoirsuisse, Schweiz<\/li>\n<li><strong>Astrid Frischknecht<\/strong>, Akademie f\u00fcr Erwachsenenbildung Schweiz<\/li>\n<li><strong>Brigitte Gardin-Baumann<\/strong>, P\u00e4dagogische Hochschule Thurgau, Schweiz<\/li>\n<li><strong>Prof. Dr. Hanja Hansen<\/strong>, P\u00e4dagogische Hochschule Z\u00fcrich, Schweiz<\/li>\n<li><strong>Andreas Hausheer<\/strong>, P\u00e4dagogische Hochschule Zug, Schweiz<\/li>\n<li><strong>Prof. Margot Hug<\/strong>, Fachhochschule Nordwestschweiz FHNW, Schweiz<\/li>\n<li><strong>Susanne Hardmeier<\/strong>, Schweizerische Konferenz der kantonalen Erziehungsdirektoren<\/li>\n<li><strong>Cornelia von Ilsemann<\/strong>, ehem. Sprecherin des Schulausschusses der Kultusministerkonferenz der deutschen Bundesl\u00e4nder, Hansestadt Bremen, Deutschland<\/li>\n<li><strong>Martina Krieg<\/strong>, Amt f\u00fcr gemeindliche Schulen Kanton Zug, Schweiz<\/li>\n<li><strong>Regina Kuratle<\/strong>, Erziehungsdepartment Kanton Basel-Stadt, Schweiz<\/li>\n<li><strong>Prof. Dr. Caroline Lanz<\/strong>, P\u00e4dagogische Hochschule Luzern, Schweiz<\/li>\n<li><strong>Anthony Mackay<\/strong>, <span class=\"style4\">Centre for Strategic Education, <\/span><span class=\"style4\">Melbourne, <\/span><span class=\"style4\">Australien<\/span><\/li>\n<li><strong>Monika Manhart<\/strong>, Akademie f\u00fcr Erwachsenenbildung Schweiz<\/li>\n<li><strong>Daniel M\u00fclli<\/strong>, P\u00e4dagogische Hochschule Zug, Schweiz<\/li>\n<li><strong>Prof. Dr. Olivier Perrenoud<\/strong>, Haute \u00e9cole p\u00e9dagogique Vaud, Schweiz<\/li>\n<li><strong>Dr. Hajo Sassenscheidt<\/strong>, ehem. Landesinstitut f\u00fcr Lehrerbildung und Schulentwicklung Hamburg, Deutschland<\/li>\n<li><strong>Christof Thierstein<\/strong>, Fachhochschule Nordwestschweiz FHNW, Schweiz<\/li>\n<li><strong>Hannelore Trageser<\/strong>, Projektmanagement School Turnaround, Deutschland<\/li>\n<li><strong>Myriam Ziegler<\/strong>, Amt f\u00fcr gemeindliche Schulen Kanton Zug, Schweiz<\/li>\n<\/ul>\n\t\t\t\t\t\t\t\t<\/div>\n\t\t\t\t<\/div>\n\t\t\t\t\t<\/div>\n\t\t<\/div>\n\t\t\t\t<div class=\"elementor-column elementor-col-50 elementor-inner-column elementor-element elementor-element-9d6daca\" data-id=\"9d6daca\" data-element_type=\"column\" data-e-type=\"column\">\n\t\t\t<div class=\"elementor-widget-wrap elementor-element-populated\">\n\t\t\t\t\t\t<div class=\"elementor-element elementor-element-57a3a95 elementor-widget elementor-widget-text-editor\" data-id=\"57a3a95\" data-element_type=\"widget\" data-e-type=\"widget\" data-widget_type=\"text-editor.default\">\n\t\t\t\t<div class=\"elementor-widget-container\">\n\t\t\t\t\t\t\t\t\t<p><b>Wissenschaft<\/b><\/p>\n<ul>\n<li><strong>Prof. Dr. Isabell van Ackeren<\/strong>, Universit\u00e4t Duisburg-Essen, Deutschland<\/li>\n<li><strong>Prof. Dr. Mel Ainscow<\/strong>, University of Manchester, England<\/li>\n<li><strong>Prof. Dr. Herbert Altrichter<\/strong>, Universit\u00e4t Linz, \u00d6sterreich<\/li>\n<li><strong>Prof. Dr. Bettina Amrhein<\/strong>, Universit\u00e4t Bielefeld, Deutschland<\/li>\n<li><strong>Benjamin Badstieber<\/strong>, Universit\u00e4t K\u00f6ln, Deutschland<\/li>\n<li><strong>Prof. Dr. Wolfgang B\u00f6ttcher<\/strong>, Universit\u00e4t M\u00fcnster, Deutschland<\/li>\n<li><strong>Prof. Dr. Roman Capaul<\/strong>, Universit\u00e4t St. Gallen, Schweiz<\/li>\n<li><strong>Prof. Dr. Alexandre Etienne<\/strong>, Berufsfachschule Soziales \u2013 Gesundheit Kanton Freiburg, Schweiz<\/li>\n<li><strong>Prof. Dr. Martin Gubler<\/strong>, P\u00e4dagogische Hochschule Schwyz, Schweiz<\/li>\n<li><strong>Dr. Judy Halbert<\/strong>, Vancouver Island University, Kanada<\/li>\n<li><strong>Prof. em. Dr. Uwe Hameyer<\/strong>, Universit\u00e4t Kiel, Deutschland<\/li>\n<li><strong>Prof. Dr. Stefan Hauser<\/strong>, P\u00e4dagogische Hochschule Zug, Schweiz<\/li>\n<li><strong>Prof. Dr. Silvio Herzog<\/strong>, P\u00e4dagogische Hochschule Schwyz, Schweiz<\/li>\n<li><strong>Prof. Dr. Stephan Gerhard Huber<\/strong>, P\u00e4dagogische Hochschule Zug, Schweiz<\/li>\n<li><strong>Prof. Dr. Ren\u00e9 H\u00fcsler<\/strong>, Hochschule Luzern \u2013 Wirtschaft, Schweiz<\/li>\n<li><strong>Dr. Ulrich Iberer<\/strong>, P\u00e4dagogische Hochschule Ludwigsburg, Deutschland<\/li>\n<li><strong>Oxana Ivanova-Chessex<\/strong>, P\u00e4dagogische Hochschule Zug, Schweiz<\/li>\n<li><strong>Prof. Dr. Olof Johansson<\/strong>, Umea University, Schweden<\/li>\n<li><strong>Prof. Dr. Manfred Jurgovsky<\/strong>, P\u00e4dagogische Hochschule Zug, Schweiz<\/li>\n<li><strong>Prof. Dr. Katja Kansteiner<\/strong>, P\u00e4dagogische Hochschule Weingarten, Deutschland<\/li>\n<li><strong>Dr. Linda Kaser<\/strong>, Vancouver Island University, Kanada<\/li>\n<li><strong>Dr. Martin Keller<\/strong>, Universit\u00e4t St. Gallen, Schweiz<\/li>\n<li><strong>Prof. Dr. Annelies Kreis<\/strong>, Universit\u00e4t Z\u00fcrich, Schweiz<\/li>\n<li><strong>Carola Mantel<\/strong>, P\u00e4dagogische Hochschule Zug, Schweiz<\/li>\n<li><strong>Prof. Lejf Moos<\/strong>, Aarhus University, D\u00e4nemark<\/li>\n<li><strong>Dr. Magdalena M\u00fcller Araya<\/strong>, Pontifical Catholic University of Chile<\/li>\n<li><strong>Prof. Dr. Daniel Muijs<\/strong>, University of Southampton, England<\/li>\n<li><strong>Dr. Nadine Nell-Tuor<\/strong>, P\u00e4dagogische Hochschule Zug, Schweiz<\/li>\n<li><strong>Prof. Dr. Josef Oberneder<\/strong>, P\u00e4dagogische Hochschule Ober\u00f6sterreich<\/li>\n<li><strong>Prof. Dr. Dominik Petko<\/strong>, Universit\u00e4t Z\u00fcrich, Schweiz<\/li>\n<li><strong>Prof. Dr. Heinz Rhyn<\/strong>, P\u00e4dagogische Hochschule Z\u00fcrich, Schweiz<\/li>\n<li><strong>Prof. em. Dr. Hans-G\u00fcnter Rolff<\/strong>, Technische Universit\u00e4t Dortmund, Deutschland<\/li>\n<li><strong>Nadine Schneider<\/strong>, P\u00e4dagogische Hochschule Zug, Schweiz<\/li>\n<li><strong>Prof. Dr. Guri Skedsmo<\/strong>, P\u00e4dagogische Hochschule Schwyz, Schweiz<\/li>\n<li><strong>Christoph Stamann<\/strong>, P\u00e4dagogische Hochschule Weingarten, Deutschland<\/li>\n<li><strong>Eveline Steinger<\/strong>, P\u00e4dagogische Hochschule Zug, Schweiz<\/li>\n<li><strong>Prof. Dr. Paulo Volante Beach<\/strong>, Pontifical Catholic University of Chile<\/li>\n<li><strong>Prof. Dr. Mel West<\/strong>, University of Manchester, England<\/li>\n<li><strong>Dr. Birgit Weyand<\/strong>, Universit\u00e4t Trier, Deutschland<\/li>\n<li><strong>Prof. Dr. Beate Weyland<\/strong>, Freie Universit\u00e4t of Bozen-Bolzano, Italien<\/li>\n<li><strong>Dr. Enik\u00f6 Zala-Mez\u00f6<\/strong>, P\u00e4dagogische Hochschule Z\u00fcrich, Schweiz<\/li>\n<\/ul>\n<p>\u00a0<\/p>\n<p><strong>Stiftungen und Wirtschaft<br \/><\/strong><\/p>\n<ul>\n<li><strong>Dr. Matthias Ammann<\/strong>, Avenir Suisse, Schweiz<\/li>\n<li><strong>Dr. Michael Baer<\/strong>, Stiftung der Deutschen Wirtschaft, Deutschland<\/li>\n<li><strong>Prof. em. Dr. Ernst Buschor<\/strong>, Forum Bildung, Schweiz<\/li>\n<li><strong>Christina Distler<\/strong>, Robert Bosch Stiftung, Deutschland<\/li>\n<li><strong>Michael In Albon<\/strong>, Swisscom, Schweiz<\/li>\n<li><strong>Dr. J\u00fcrg Kuster<\/strong>, Hanser Consulting, Z\u00fcrich, Schweiz<\/li>\n<li><strong>Dr. Markus Warnke<\/strong>, W\u00fcbben Stiftung, Deutschland<\/li>\n<\/ul>\n\t\t\t\t\t\t\t\t<\/div>\n\t\t\t\t<\/div>\n\t\t\t\t\t<\/div>\n\t\t<\/div>\n\t\t\t\t\t<\/div>\n\t\t<\/section>\n\t\t\t\t\t<\/div>\n\t\t<\/div>\n\t\t\t\t\t<\/div>\n\t\t<\/section>\n\t\t\t\t<\/div>\n\t\t","protected":false},"excerpt":{"rendered":"<p>Die Vorbereitung des Programms wird von nationalen und internationalen Experten in den Bereichen Forschung, Bildungsverwaltung, Unterst\u00fctzungssysteme, Wirtschaft, Bildungspraxis und Drittsektor unterst\u00fctzt. Sie unterst\u00fctzen die Konferenzleitung bei verschiedenen Themen: Konferenzthema, Konzept des Programms, \u00dcberpr\u00fcfung der Vorschl\u00e4ge, Unterst\u00fctzung der Referierenden vor und w\u00e4hrend der Konferenz, Moderation, Dokumentation (Ver\u00f6ffentlichungen und Informationen auf dieser Website). Praxis und Berufsverb\u00e4nde Dr. [&hellip;]<\/p>\n","protected":false},"author":1,"featured_media":0,"parent":1940,"menu_order":0,"comment_status":"closed","ping_status":"closed","template":"","meta":{"footnotes":""},"class_list":["post-1937","page","type-page","status-publish","hentry"],"yoast_head":"<!-- This site is optimized with the Yoast SEO plugin v27.1.1 - https:\/\/yoast.com\/product\/yoast-seo-wordpress\/ -->\n<title>Advisory board, program committee and thread moderator - World Education Leadership Symposium 2022<\/title>\n<meta name=\"robots\" content=\"index, follow, max-snippet:-1, max-image-preview:large, max-video-preview:-1\" \/>\n<link rel=\"canonical\" href=\"https:\/\/wels.edulead.net\/en\/kontakt\/beirat-programmkomitee-und-themenstrangmoderation\/\" \/>\n<meta property=\"og:locale\" content=\"en_US\" \/>\n<meta property=\"og:type\" content=\"article\" \/>\n<meta property=\"og:title\" content=\"Advisory board, program committee and thread moderator - World Education Leadership Symposium 2022\" \/>\n<meta property=\"og:description\" content=\"Die Vorbereitung des Programms wird von nationalen und internationalen Experten in den Bereichen Forschung, Bildungsverwaltung, Unterst\u00fctzungssysteme, Wirtschaft, Bildungspraxis und Drittsektor unterst\u00fctzt. Sie unterst\u00fctzen die Konferenzleitung bei verschiedenen Themen: Konferenzthema, Konzept des Programms, \u00dcberpr\u00fcfung der Vorschl\u00e4ge, Unterst\u00fctzung der Referierenden vor und w\u00e4hrend der Konferenz, Moderation, Dokumentation (Ver\u00f6ffentlichungen und Informationen auf dieser Website). Praxis und Berufsverb\u00e4nde Dr. [&hellip;]\" \/>\n<meta property=\"og:url\" content=\"https:\/\/wels.edulead.net\/en\/kontakt\/beirat-programmkomitee-und-themenstrangmoderation\/\" \/>\n<meta property=\"og:site_name\" content=\"World Education Leadership Symposium 2022\" \/>\n<meta property=\"article:modified_time\" content=\"2022-07-01T13:04:39+00:00\" \/>\n<meta name=\"twitter:card\" content=\"summary_large_image\" \/>\n<meta name=\"twitter:label1\" content=\"Est. reading time\" \/>\n\t<meta name=\"twitter:data1\" content=\"4 minutes\" \/>\n<script type=\"application\/ld+json\" class=\"yoast-schema-graph\">{\"@context\":\"https:\/\/schema.org\",\"@graph\":[{\"@type\":\"WebPage\",\"@id\":\"https:\/\/wels.edulead.net\/en\/kontakt\/beirat-programmkomitee-und-themenstrangmoderation\/\",\"url\":\"https:\/\/wels.edulead.net\/en\/kontakt\/beirat-programmkomitee-und-themenstrangmoderation\/\",\"name\":\"Advisory board, program committee and thread moderator - World Education Leadership Symposium 2022\",\"isPartOf\":{\"@id\":\"https:\/\/wels.edulead.net\/en\/#website\"},\"datePublished\":\"2021-04-08T20:56:46+00:00\",\"dateModified\":\"2022-07-01T13:04:39+00:00\",\"breadcrumb\":{\"@id\":\"https:\/\/wels.edulead.net\/en\/kontakt\/beirat-programmkomitee-und-themenstrangmoderation\/#breadcrumb\"},\"inLanguage\":\"en-US\",\"potentialAction\":[{\"@type\":\"ReadAction\",\"target\":[\"https:\/\/wels.edulead.net\/en\/kontakt\/beirat-programmkomitee-und-themenstrangmoderation\/\"]}]},{\"@type\":\"BreadcrumbList\",\"@id\":\"https:\/\/wels.edulead.net\/en\/kontakt\/beirat-programmkomitee-und-themenstrangmoderation\/#breadcrumb\",\"itemListElement\":[{\"@type\":\"ListItem\",\"position\":1,\"name\":\"WELS\",\"item\":\"https:\/\/wels.edulead.net\/en\/\"},{\"@type\":\"ListItem\",\"position\":2,\"name\":\"Contact\",\"item\":\"https:\/\/wels.edulead.net\/en\/kontakt\/\"},{\"@type\":\"ListItem\",\"position\":3,\"name\":\"Advisory board, program committee and thread moderator\"}]},{\"@type\":\"WebSite\",\"@id\":\"https:\/\/wels.edulead.net\/en\/#website\",\"url\":\"https:\/\/wels.edulead.net\/en\/\",\"name\":\"World Education Leadership Symposium 2022\",\"description\":\"World Education Leadership Symposium\",\"publisher\":{\"@id\":\"https:\/\/wels.edulead.net\/en\/#organization\"},\"potentialAction\":[{\"@type\":\"SearchAction\",\"target\":{\"@type\":\"EntryPoint\",\"urlTemplate\":\"https:\/\/wels.edulead.net\/en\/?s={search_term_string}\"},\"query-input\":{\"@type\":\"PropertyValueSpecification\",\"valueRequired\":true,\"valueName\":\"search_term_string\"}}],\"inLanguage\":\"en-US\"},{\"@type\":\"Organization\",\"@id\":\"https:\/\/wels.edulead.net\/en\/#organization\",\"name\":\"World Education Leadership Symposium 2022\",\"url\":\"https:\/\/wels.edulead.net\/en\/\",\"logo\":{\"@type\":\"ImageObject\",\"inLanguage\":\"en-US\",\"@id\":\"https:\/\/wels.edulead.net\/en\/#\/schema\/logo\/image\/\",\"url\":\"https:\/\/wels.edulead.net\/wp-content\/uploads\/sites\/12\/2021\/03\/cropped-wels-logo-512-1.png\",\"contentUrl\":\"https:\/\/wels.edulead.net\/wp-content\/uploads\/sites\/12\/2021\/03\/cropped-wels-logo-512-1.png\",\"width\":1080,\"height\":1080,\"caption\":\"World Education Leadership Symposium 2022\"},\"image\":{\"@id\":\"https:\/\/wels.edulead.net\/en\/#\/schema\/logo\/image\/\"}}]}<\/script>\n<!-- \/ Yoast SEO plugin. -->","yoast_head_json":{"title":"Advisory board, program committee and thread moderator - World Education Leadership Symposium 2022","robots":{"index":"index","follow":"follow","max-snippet":"max-snippet:-1","max-image-preview":"max-image-preview:large","max-video-preview":"max-video-preview:-1"},"canonical":"https:\/\/wels.edulead.net\/en\/kontakt\/beirat-programmkomitee-und-themenstrangmoderation\/","og_locale":"en_US","og_type":"article","og_title":"Advisory board, program committee and thread moderator - World Education Leadership Symposium 2022","og_description":"Die Vorbereitung des Programms wird von nationalen und internationalen Experten in den Bereichen Forschung, Bildungsverwaltung, Unterst\u00fctzungssysteme, Wirtschaft, Bildungspraxis und Drittsektor unterst\u00fctzt. Sie unterst\u00fctzen die Konferenzleitung bei verschiedenen Themen: Konferenzthema, Konzept des Programms, \u00dcberpr\u00fcfung der Vorschl\u00e4ge, Unterst\u00fctzung der Referierenden vor und w\u00e4hrend der Konferenz, Moderation, Dokumentation (Ver\u00f6ffentlichungen und Informationen auf dieser Website). Praxis und Berufsverb\u00e4nde Dr. [&hellip;]","og_url":"https:\/\/wels.edulead.net\/en\/kontakt\/beirat-programmkomitee-und-themenstrangmoderation\/","og_site_name":"World Education Leadership Symposium 2022","article_modified_time":"2022-07-01T13:04:39+00:00","twitter_card":"summary_large_image","twitter_misc":{"Est. reading time":"4 minutes"},"schema":{"@context":"https:\/\/schema.org","@graph":[{"@type":"WebPage","@id":"https:\/\/wels.edulead.net\/en\/kontakt\/beirat-programmkomitee-und-themenstrangmoderation\/","url":"https:\/\/wels.edulead.net\/en\/kontakt\/beirat-programmkomitee-und-themenstrangmoderation\/","name":"Advisory board, program committee and thread moderator - World Education Leadership Symposium 2022","isPartOf":{"@id":"https:\/\/wels.edulead.net\/en\/#website"},"datePublished":"2021-04-08T20:56:46+00:00","dateModified":"2022-07-01T13:04:39+00:00","breadcrumb":{"@id":"https:\/\/wels.edulead.net\/en\/kontakt\/beirat-programmkomitee-und-themenstrangmoderation\/#breadcrumb"},"inLanguage":"en-US","potentialAction":[{"@type":"ReadAction","target":["https:\/\/wels.edulead.net\/en\/kontakt\/beirat-programmkomitee-und-themenstrangmoderation\/"]}]},{"@type":"BreadcrumbList","@id":"https:\/\/wels.edulead.net\/en\/kontakt\/beirat-programmkomitee-und-themenstrangmoderation\/#breadcrumb","itemListElement":[{"@type":"ListItem","position":1,"name":"WELS","item":"https:\/\/wels.edulead.net\/en\/"},{"@type":"ListItem","position":2,"name":"Contact","item":"https:\/\/wels.edulead.net\/en\/kontakt\/"},{"@type":"ListItem","position":3,"name":"Advisory board, program committee and thread moderator"}]},{"@type":"WebSite","@id":"https:\/\/wels.edulead.net\/en\/#website","url":"https:\/\/wels.edulead.net\/en\/","name":"World Education Leadership Symposium 2022","description":"World Education Leadership Symposium","publisher":{"@id":"https:\/\/wels.edulead.net\/en\/#organization"},"potentialAction":[{"@type":"SearchAction","target":{"@type":"EntryPoint","urlTemplate":"https:\/\/wels.edulead.net\/en\/?s={search_term_string}"},"query-input":{"@type":"PropertyValueSpecification","valueRequired":true,"valueName":"search_term_string"}}],"inLanguage":"en-US"},{"@type":"Organization","@id":"https:\/\/wels.edulead.net\/en\/#organization","name":"World Education Leadership Symposium 2022","url":"https:\/\/wels.edulead.net\/en\/","logo":{"@type":"ImageObject","inLanguage":"en-US","@id":"https:\/\/wels.edulead.net\/en\/#\/schema\/logo\/image\/","url":"https:\/\/wels.edulead.net\/wp-content\/uploads\/sites\/12\/2021\/03\/cropped-wels-logo-512-1.png","contentUrl":"https:\/\/wels.edulead.net\/wp-content\/uploads\/sites\/12\/2021\/03\/cropped-wels-logo-512-1.png","width":1080,"height":1080,"caption":"World Education Leadership Symposium 2022"},"image":{"@id":"https:\/\/wels.edulead.net\/en\/#\/schema\/logo\/image\/"}}]}},"_links":{"self":[{"href":"https:\/\/wels.edulead.net\/en\/wp-json\/wp\/v2\/pages\/1937","targetHints":{"allow":["GET"]}}],"collection":[{"href":"https:\/\/wels.edulead.net\/en\/wp-json\/wp\/v2\/pages"}],"about":[{"href":"https:\/\/wels.edulead.net\/en\/wp-json\/wp\/v2\/types\/page"}],"author":[{"embeddable":true,"href":"https:\/\/wels.edulead.net\/en\/wp-json\/wp\/v2\/users\/1"}],"replies":[{"embeddable":true,"href":"https:\/\/wels.edulead.net\/en\/wp-json\/wp\/v2\/comments?post=1937"}],"version-history":[{"count":3,"href":"https:\/\/wels.edulead.net\/en\/wp-json\/wp\/v2\/pages\/1937\/revisions"}],"predecessor-version":[{"id":3470,"href":"https:\/\/wels.edulead.net\/en\/wp-json\/wp\/v2\/pages\/1937\/revisions\/3470"}],"up":[{"embeddable":true,"href":"https:\/\/wels.edulead.net\/en\/wp-json\/wp\/v2\/pages\/1940"}],"wp:attachment":[{"href":"https:\/\/wels.edulead.net\/en\/wp-json\/wp\/v2\/media?parent=1937"}],"curies":[{"name":"wp","href":"https:\/\/api.w.org\/{rel}","templated":true}]}}