{"id":1938,"date":"2021-04-08T22:56:23","date_gmt":"2021-04-08T20:56:23","guid":{"rendered":"https:\/\/edulead.net\/wels2022\/schirmherrschaft-und-beiratskomitee\/"},"modified":"2022-07-01T15:04:09","modified_gmt":"2022-07-01T13:04:09","slug":"schirmherrschaft-und-beiratskomitee","status":"publish","type":"page","link":"https:\/\/wels.edulead.net\/en\/kontakt\/schirmherrschaft-und-beiratskomitee\/","title":{"rendered":"Patronage and Advisory Committee"},"content":{"rendered":"\t\t<div data-elementor-type=\"wp-page\" data-elementor-id=\"1938\" data-post-id=\"1938\" data-obj-id=\"1938\" class=\"elementor elementor-1938 dce-elementor-post-1938 elementor-1165\" data-elementor-post-type=\"page\">\n\t\t\t\t\t\t<section class=\"elementor-section elementor-top-section elementor-element elementor-element-c141ca0 elementor-section-boxed elementor-section-height-default elementor-section-height-default\" data-id=\"c141ca0\" data-element_type=\"section\" data-e-type=\"section\">\n\t\t\t\t\t\t<div class=\"elementor-container elementor-column-gap-default\">\n\t\t\t\t\t<div class=\"elementor-column elementor-col-100 elementor-top-column elementor-element elementor-element-51b6522\" data-id=\"51b6522\" data-element_type=\"column\" data-e-type=\"column\">\n\t\t\t<div class=\"elementor-widget-wrap elementor-element-populated\">\n\t\t\t\t\t\t<div class=\"elementor-element elementor-element-5cec677 elementor-widget elementor-widget-heading\" data-id=\"5cec677\" data-element_type=\"widget\" data-e-type=\"widget\" data-widget_type=\"heading.default\">\n\t\t\t\t<div class=\"elementor-widget-container\">\n\t\t\t\t\t<h2 class=\"elementor-heading-title elementor-size-default\">Schirmherrschaft<\/h2>\t\t\t\t<\/div>\n\t\t\t\t<\/div>\n\t\t\t\t<section class=\"elementor-section elementor-inner-section elementor-element elementor-element-746d85d elementor-section-boxed elementor-section-height-default elementor-section-height-default\" data-id=\"746d85d\" data-element_type=\"section\" data-e-type=\"section\">\n\t\t\t\t\t\t<div class=\"elementor-container elementor-column-gap-default\">\n\t\t\t\t\t<div class=\"elementor-column elementor-col-50 elementor-inner-column elementor-element elementor-element-8a75255\" data-id=\"8a75255\" data-element_type=\"column\" data-e-type=\"column\">\n\t\t\t<div class=\"elementor-widget-wrap elementor-element-populated\">\n\t\t\t\t\t\t<div class=\"elementor-element elementor-element-0e47fe8 elementor-widget elementor-widget-heading\" data-id=\"0e47fe8\" data-element_type=\"widget\" data-e-type=\"widget\" data-widget_type=\"heading.default\">\n\t\t\t\t<div class=\"elementor-widget-container\">\n\t\t\t\t\t<h3 class=\"elementor-heading-title elementor-size-default\">Staatssekretariat f\u00fcr Bildung, Forschung und Innovation (SBFI), Schweiz<\/h3>\t\t\t\t<\/div>\n\t\t\t\t<\/div>\n\t\t\t\t<div class=\"elementor-element elementor-element-d3d56e7 dce_masking-none elementor-widget elementor-widget-image\" data-id=\"d3d56e7\" data-element_type=\"widget\" data-e-type=\"widget\" data-widget_type=\"image.default\">\n\t\t\t\t<div class=\"elementor-widget-container\">\n\t\t\t\t\t\t\t\t\t\t\t\t\t\t\t<img fetchpriority=\"high\" decoding=\"async\" width=\"600\" height=\"125\" src=\"https:\/\/wels.edulead.net\/wp-content\/uploads\/sites\/12\/2021\/04\/sbfi-logo.png\" class=\"attachment-large size-large wp-image-1939\" alt=\"\" srcset=\"https:\/\/wels.edulead.net\/wp-content\/uploads\/sites\/12\/2021\/04\/sbfi-logo.png 600w, https:\/\/wels.edulead.net\/wp-content\/uploads\/sites\/12\/2021\/04\/sbfi-logo-300x63.png 300w\" sizes=\"(max-width: 600px) 100vw, 600px\" \/>\t\t\t\t\t\t\t\t\t\t\t\t\t\t\t<\/div>\n\t\t\t\t<\/div>\n\t\t\t\t\t<\/div>\n\t\t<\/div>\n\t\t\t\t<div class=\"elementor-column elementor-col-50 elementor-inner-column elementor-element elementor-element-99dbfa0\" data-id=\"99dbfa0\" data-element_type=\"column\" data-e-type=\"column\">\n\t\t\t<div class=\"elementor-widget-wrap elementor-element-populated\">\n\t\t\t\t\t\t<div class=\"elementor-element elementor-element-1434786 elementor-widget elementor-widget-heading\" data-id=\"1434786\" data-element_type=\"widget\" data-e-type=\"widget\" data-widget_type=\"heading.default\">\n\t\t\t\t<div class=\"elementor-widget-container\">\n\t\t\t\t\t<h3 class=\"elementor-heading-title elementor-size-default\">United Nations Educational, Scientific and Cultural Organization (UNESCO), Schweizerische Kommission<\/h3>\t\t\t\t<\/div>\n\t\t\t\t<\/div>\n\t\t\t\t<div class=\"elementor-element elementor-element-33691f8 dce_masking-none elementor-widget elementor-widget-image\" data-id=\"33691f8\" data-element_type=\"widget\" data-e-type=\"widget\" data-widget_type=\"image.default\">\n\t\t\t\t<div class=\"elementor-widget-container\">\n\t\t\t\t\t\t\t\t\t\t\t\t\t\t\t<img decoding=\"async\" width=\"640\" height=\"378\" src=\"https:\/\/wels.edulead.net\/wp-content\/uploads\/sites\/12\/2021\/04\/UNESCO-1024x604.png\" class=\"attachment-large size-large wp-image-2484\" alt=\"\" srcset=\"https:\/\/wels.edulead.net\/wp-content\/uploads\/sites\/12\/2021\/04\/UNESCO-1024x604.png 1024w, https:\/\/wels.edulead.net\/wp-content\/uploads\/sites\/12\/2021\/04\/UNESCO-300x177.png 300w, https:\/\/wels.edulead.net\/wp-content\/uploads\/sites\/12\/2021\/04\/UNESCO-768x453.png 768w, https:\/\/wels.edulead.net\/wp-content\/uploads\/sites\/12\/2021\/04\/UNESCO.png 1220w\" sizes=\"(max-width: 640px) 100vw, 640px\" \/>\t\t\t\t\t\t\t\t\t\t\t\t\t\t\t<\/div>\n\t\t\t\t<\/div>\n\t\t\t\t\t<\/div>\n\t\t<\/div>\n\t\t\t\t\t<\/div>\n\t\t<\/section>\n\t\t\t\t<div class=\"elementor-element elementor-element-ab9d2ba elementor-widget elementor-widget-heading\" data-id=\"ab9d2ba\" data-element_type=\"widget\" data-e-type=\"widget\" data-widget_type=\"heading.default\">\n\t\t\t\t<div class=\"elementor-widget-container\">\n\t\t\t\t\t<h2 class=\"elementor-heading-title elementor-size-default\">Patronatskomitee<\/h2>\t\t\t\t<\/div>\n\t\t\t\t<\/div>\n\t\t\t\t<div class=\"elementor-element elementor-element-6cec6d4 elementor-widget elementor-widget-text-editor\" data-id=\"6cec6d4\" data-element_type=\"widget\" data-e-type=\"widget\" data-widget_type=\"text-editor.default\">\n\t\t\t\t<div class=\"elementor-widget-container\">\n\t\t\t\t\t\t\t\t\t<p><strong>Prof. em. Dr. Rolf Dubs<\/strong>, ehem. Rektor Universit\u00e4t St. Gallen, Schweiz<\/p>\n<p><strong>Prof. Dr. Esther Kamm<\/strong>, Rektorin P\u00e4dagogische Hoschule Zug, Schweiz<\/p>\n<p>Regierungsr\u00e4tin <strong>Dominique Hasler<\/strong>, Ministerium f\u00fcr Inneres, Bildung und Umwelt, F\u00fcrstentum Liechtenstein<\/p>\n<p><strong>Dr. Peter Gr\u00fcnenfelder<\/strong>, Direktor Avenir Suisse, Schweiz<\/p>\n<p><strong>Prof. Dr. Stephan Gerhard Huber<\/strong>, Leiter Institut f\u00fcr Bildungsmanagement und Bildungs\u00f6konomie, P\u00e4dagogische Hochschule Zug, Schweiz<\/p>\n<p><strong>Dr. David Klett<\/strong>, Gesch\u00e4ftsf\u00fchrer Klett Lernen und Information, Deutschland<\/p>\n<p><strong>Prof. Dr. Rudolf Minsch<\/strong>, Chef\u00f6konom economiesuisse, Schweiz<\/p>\n<p>Nationalrat <strong>Dr. Gerhard Pfister<\/strong>, Schweiz<strong><br \/><\/strong><\/p>\n<p>Regierungsrat <strong>Stephan Schleiss<\/strong>, Vorsteher der Direktion f\u00fcr Bildung und Kultur, Kanton Zug, Schweiz<\/p>\n<p><strong>Ulrich Straub<\/strong>, Gesch\u00e4ftsf\u00fchrer NESINCO Group Ltd., Schweiz<\/p>\n\t\t\t\t\t\t\t\t<\/div>\n\t\t\t\t<\/div>\n\t\t\t\t\t<\/div>\n\t\t<\/div>\n\t\t\t\t\t<\/div>\n\t\t<\/section>\n\t\t\t\t<\/div>\n\t\t","protected":false},"excerpt":{"rendered":"<p>Schirmherrschaft Staatssekretariat f\u00fcr Bildung, Forschung und Innovation (SBFI), Schweiz United Nations Educational, Scientific and Cultural Organization (UNESCO), Schweizerische Kommission Patronatskomitee Prof. em. Dr. Rolf Dubs, ehem. Rektor Universit\u00e4t St. Gallen, Schweiz Prof. Dr. Esther Kamm, Rektorin P\u00e4dagogische Hoschule Zug, Schweiz Regierungsr\u00e4tin Dominique Hasler, Ministerium f\u00fcr Inneres, Bildung und Umwelt, F\u00fcrstentum Liechtenstein Dr. Peter Gr\u00fcnenfelder, Direktor [&hellip;]<\/p>\n","protected":false},"author":1,"featured_media":0,"parent":1940,"menu_order":0,"comment_status":"closed","ping_status":"closed","template":"","meta":{"footnotes":""},"class_list":["post-1938","page","type-page","status-publish","hentry"],"yoast_head":"<!-- This site is optimized with the Yoast SEO plugin v27.1.1 - https:\/\/yoast.com\/product\/yoast-seo-wordpress\/ -->\n<title>Patronage and Advisory Committee - World Education Leadership Symposium 2022<\/title>\n<meta name=\"robots\" content=\"index, follow, max-snippet:-1, max-image-preview:large, max-video-preview:-1\" \/>\n<link rel=\"canonical\" href=\"https:\/\/wels.edulead.net\/en\/kontakt\/schirmherrschaft-und-beiratskomitee\/\" \/>\n<meta property=\"og:locale\" content=\"en_US\" \/>\n<meta property=\"og:type\" content=\"article\" \/>\n<meta property=\"og:title\" content=\"Patronage and Advisory Committee - World Education Leadership Symposium 2022\" \/>\n<meta property=\"og:description\" content=\"Schirmherrschaft Staatssekretariat f\u00fcr Bildung, Forschung und Innovation (SBFI), Schweiz United Nations Educational, Scientific and Cultural Organization (UNESCO), Schweizerische Kommission Patronatskomitee Prof. em. Dr. Rolf Dubs, ehem. Rektor Universit\u00e4t St. Gallen, Schweiz Prof. Dr. Esther Kamm, Rektorin P\u00e4dagogische Hoschule Zug, Schweiz Regierungsr\u00e4tin Dominique Hasler, Ministerium f\u00fcr Inneres, Bildung und Umwelt, F\u00fcrstentum Liechtenstein Dr. Peter Gr\u00fcnenfelder, Direktor [&hellip;]\" \/>\n<meta property=\"og:url\" content=\"https:\/\/wels.edulead.net\/en\/kontakt\/schirmherrschaft-und-beiratskomitee\/\" \/>\n<meta property=\"og:site_name\" content=\"World Education Leadership Symposium 2022\" \/>\n<meta property=\"article:modified_time\" content=\"2022-07-01T13:04:09+00:00\" \/>\n<meta property=\"og:image\" content=\"https:\/\/wels.edulead.net\/wp-content\/uploads\/sites\/12\/2021\/04\/sbfi-logo.png\" \/>\n<meta name=\"twitter:card\" content=\"summary_large_image\" \/>\n<meta name=\"twitter:label1\" content=\"Est. reading time\" \/>\n\t<meta name=\"twitter:data1\" content=\"1 minute\" \/>\n<script type=\"application\/ld+json\" class=\"yoast-schema-graph\">{\"@context\":\"https:\/\/schema.org\",\"@graph\":[{\"@type\":\"WebPage\",\"@id\":\"https:\/\/wels.edulead.net\/en\/kontakt\/schirmherrschaft-und-beiratskomitee\/\",\"url\":\"https:\/\/wels.edulead.net\/en\/kontakt\/schirmherrschaft-und-beiratskomitee\/\",\"name\":\"Patronage and Advisory Committee - World Education Leadership Symposium 2022\",\"isPartOf\":{\"@id\":\"https:\/\/wels.edulead.net\/en\/#website\"},\"primaryImageOfPage\":{\"@id\":\"https:\/\/wels.edulead.net\/en\/kontakt\/schirmherrschaft-und-beiratskomitee\/#primaryimage\"},\"image\":{\"@id\":\"https:\/\/wels.edulead.net\/en\/kontakt\/schirmherrschaft-und-beiratskomitee\/#primaryimage\"},\"thumbnailUrl\":\"https:\/\/wels.edulead.net\/wp-content\/uploads\/sites\/12\/2021\/04\/sbfi-logo.png\",\"datePublished\":\"2021-04-08T20:56:23+00:00\",\"dateModified\":\"2022-07-01T13:04:09+00:00\",\"breadcrumb\":{\"@id\":\"https:\/\/wels.edulead.net\/en\/kontakt\/schirmherrschaft-und-beiratskomitee\/#breadcrumb\"},\"inLanguage\":\"en-US\",\"potentialAction\":[{\"@type\":\"ReadAction\",\"target\":[\"https:\/\/wels.edulead.net\/en\/kontakt\/schirmherrschaft-und-beiratskomitee\/\"]}]},{\"@type\":\"ImageObject\",\"inLanguage\":\"en-US\",\"@id\":\"https:\/\/wels.edulead.net\/en\/kontakt\/schirmherrschaft-und-beiratskomitee\/#primaryimage\",\"url\":\"https:\/\/wels.edulead.net\/wp-content\/uploads\/sites\/12\/2021\/04\/sbfi-logo.png\",\"contentUrl\":\"https:\/\/wels.edulead.net\/wp-content\/uploads\/sites\/12\/2021\/04\/sbfi-logo.png\"},{\"@type\":\"BreadcrumbList\",\"@id\":\"https:\/\/wels.edulead.net\/en\/kontakt\/schirmherrschaft-und-beiratskomitee\/#breadcrumb\",\"itemListElement\":[{\"@type\":\"ListItem\",\"position\":1,\"name\":\"WELS\",\"item\":\"https:\/\/wels.edulead.net\/en\/\"},{\"@type\":\"ListItem\",\"position\":2,\"name\":\"Contact\",\"item\":\"https:\/\/wels.edulead.net\/en\/kontakt\/\"},{\"@type\":\"ListItem\",\"position\":3,\"name\":\"Patronage and Advisory Committee\"}]},{\"@type\":\"WebSite\",\"@id\":\"https:\/\/wels.edulead.net\/en\/#website\",\"url\":\"https:\/\/wels.edulead.net\/en\/\",\"name\":\"World Education Leadership Symposium 2022\",\"description\":\"World Education Leadership Symposium\",\"publisher\":{\"@id\":\"https:\/\/wels.edulead.net\/en\/#organization\"},\"potentialAction\":[{\"@type\":\"SearchAction\",\"target\":{\"@type\":\"EntryPoint\",\"urlTemplate\":\"https:\/\/wels.edulead.net\/en\/?s={search_term_string}\"},\"query-input\":{\"@type\":\"PropertyValueSpecification\",\"valueRequired\":true,\"valueName\":\"search_term_string\"}}],\"inLanguage\":\"en-US\"},{\"@type\":\"Organization\",\"@id\":\"https:\/\/wels.edulead.net\/en\/#organization\",\"name\":\"World Education Leadership Symposium 2022\",\"url\":\"https:\/\/wels.edulead.net\/en\/\",\"logo\":{\"@type\":\"ImageObject\",\"inLanguage\":\"en-US\",\"@id\":\"https:\/\/wels.edulead.net\/en\/#\/schema\/logo\/image\/\",\"url\":\"https:\/\/wels.edulead.net\/wp-content\/uploads\/sites\/12\/2021\/03\/cropped-wels-logo-512-1.png\",\"contentUrl\":\"https:\/\/wels.edulead.net\/wp-content\/uploads\/sites\/12\/2021\/03\/cropped-wels-logo-512-1.png\",\"width\":1080,\"height\":1080,\"caption\":\"World Education Leadership Symposium 2022\"},\"image\":{\"@id\":\"https:\/\/wels.edulead.net\/en\/#\/schema\/logo\/image\/\"}}]}<\/script>\n<!-- \/ Yoast SEO plugin. -->","yoast_head_json":{"title":"Patronage and Advisory Committee - World Education Leadership Symposium 2022","robots":{"index":"index","follow":"follow","max-snippet":"max-snippet:-1","max-image-preview":"max-image-preview:large","max-video-preview":"max-video-preview:-1"},"canonical":"https:\/\/wels.edulead.net\/en\/kontakt\/schirmherrschaft-und-beiratskomitee\/","og_locale":"en_US","og_type":"article","og_title":"Patronage and Advisory Committee - World Education Leadership Symposium 2022","og_description":"Schirmherrschaft Staatssekretariat f\u00fcr Bildung, Forschung und Innovation (SBFI), Schweiz United Nations Educational, Scientific and Cultural Organization (UNESCO), Schweizerische Kommission Patronatskomitee Prof. em. Dr. Rolf Dubs, ehem. Rektor Universit\u00e4t St. Gallen, Schweiz Prof. Dr. Esther Kamm, Rektorin P\u00e4dagogische Hoschule Zug, Schweiz Regierungsr\u00e4tin Dominique Hasler, Ministerium f\u00fcr Inneres, Bildung und Umwelt, F\u00fcrstentum Liechtenstein Dr. Peter Gr\u00fcnenfelder, Direktor [&hellip;]","og_url":"https:\/\/wels.edulead.net\/en\/kontakt\/schirmherrschaft-und-beiratskomitee\/","og_site_name":"World Education Leadership Symposium 2022","article_modified_time":"2022-07-01T13:04:09+00:00","og_image":[{"url":"https:\/\/wels.edulead.net\/wp-content\/uploads\/sites\/12\/2021\/04\/sbfi-logo.png","type":"","width":"","height":""}],"twitter_card":"summary_large_image","twitter_misc":{"Est. reading time":"1 minute"},"schema":{"@context":"https:\/\/schema.org","@graph":[{"@type":"WebPage","@id":"https:\/\/wels.edulead.net\/en\/kontakt\/schirmherrschaft-und-beiratskomitee\/","url":"https:\/\/wels.edulead.net\/en\/kontakt\/schirmherrschaft-und-beiratskomitee\/","name":"Patronage and Advisory Committee - World Education Leadership Symposium 2022","isPartOf":{"@id":"https:\/\/wels.edulead.net\/en\/#website"},"primaryImageOfPage":{"@id":"https:\/\/wels.edulead.net\/en\/kontakt\/schirmherrschaft-und-beiratskomitee\/#primaryimage"},"image":{"@id":"https:\/\/wels.edulead.net\/en\/kontakt\/schirmherrschaft-und-beiratskomitee\/#primaryimage"},"thumbnailUrl":"https:\/\/wels.edulead.net\/wp-content\/uploads\/sites\/12\/2021\/04\/sbfi-logo.png","datePublished":"2021-04-08T20:56:23+00:00","dateModified":"2022-07-01T13:04:09+00:00","breadcrumb":{"@id":"https:\/\/wels.edulead.net\/en\/kontakt\/schirmherrschaft-und-beiratskomitee\/#breadcrumb"},"inLanguage":"en-US","potentialAction":[{"@type":"ReadAction","target":["https:\/\/wels.edulead.net\/en\/kontakt\/schirmherrschaft-und-beiratskomitee\/"]}]},{"@type":"ImageObject","inLanguage":"en-US","@id":"https:\/\/wels.edulead.net\/en\/kontakt\/schirmherrschaft-und-beiratskomitee\/#primaryimage","url":"https:\/\/wels.edulead.net\/wp-content\/uploads\/sites\/12\/2021\/04\/sbfi-logo.png","contentUrl":"https:\/\/wels.edulead.net\/wp-content\/uploads\/sites\/12\/2021\/04\/sbfi-logo.png"},{"@type":"BreadcrumbList","@id":"https:\/\/wels.edulead.net\/en\/kontakt\/schirmherrschaft-und-beiratskomitee\/#breadcrumb","itemListElement":[{"@type":"ListItem","position":1,"name":"WELS","item":"https:\/\/wels.edulead.net\/en\/"},{"@type":"ListItem","position":2,"name":"Contact","item":"https:\/\/wels.edulead.net\/en\/kontakt\/"},{"@type":"ListItem","position":3,"name":"Patronage and Advisory Committee"}]},{"@type":"WebSite","@id":"https:\/\/wels.edulead.net\/en\/#website","url":"https:\/\/wels.edulead.net\/en\/","name":"World Education Leadership Symposium 2022","description":"World Education Leadership Symposium","publisher":{"@id":"https:\/\/wels.edulead.net\/en\/#organization"},"potentialAction":[{"@type":"SearchAction","target":{"@type":"EntryPoint","urlTemplate":"https:\/\/wels.edulead.net\/en\/?s={search_term_string}"},"query-input":{"@type":"PropertyValueSpecification","valueRequired":true,"valueName":"search_term_string"}}],"inLanguage":"en-US"},{"@type":"Organization","@id":"https:\/\/wels.edulead.net\/en\/#organization","name":"World Education Leadership Symposium 2022","url":"https:\/\/wels.edulead.net\/en\/","logo":{"@type":"ImageObject","inLanguage":"en-US","@id":"https:\/\/wels.edulead.net\/en\/#\/schema\/logo\/image\/","url":"https:\/\/wels.edulead.net\/wp-content\/uploads\/sites\/12\/2021\/03\/cropped-wels-logo-512-1.png","contentUrl":"https:\/\/wels.edulead.net\/wp-content\/uploads\/sites\/12\/2021\/03\/cropped-wels-logo-512-1.png","width":1080,"height":1080,"caption":"World Education Leadership Symposium 2022"},"image":{"@id":"https:\/\/wels.edulead.net\/en\/#\/schema\/logo\/image\/"}}]}},"_links":{"self":[{"href":"https:\/\/wels.edulead.net\/en\/wp-json\/wp\/v2\/pages\/1938","targetHints":{"allow":["GET"]}}],"collection":[{"href":"https:\/\/wels.edulead.net\/en\/wp-json\/wp\/v2\/pages"}],"about":[{"href":"https:\/\/wels.edulead.net\/en\/wp-json\/wp\/v2\/types\/page"}],"author":[{"embeddable":true,"href":"https:\/\/wels.edulead.net\/en\/wp-json\/wp\/v2\/users\/1"}],"replies":[{"embeddable":true,"href":"https:\/\/wels.edulead.net\/en\/wp-json\/wp\/v2\/comments?post=1938"}],"version-history":[{"count":3,"href":"https:\/\/wels.edulead.net\/en\/wp-json\/wp\/v2\/pages\/1938\/revisions"}],"predecessor-version":[{"id":3467,"href":"https:\/\/wels.edulead.net\/en\/wp-json\/wp\/v2\/pages\/1938\/revisions\/3467"}],"up":[{"embeddable":true,"href":"https:\/\/wels.edulead.net\/en\/wp-json\/wp\/v2\/pages\/1940"}],"wp:attachment":[{"href":"https:\/\/wels.edulead.net\/en\/wp-json\/wp\/v2\/media?parent=1938"}],"curies":[{"name":"wp","href":"https:\/\/api.w.org\/{rel}","templated":true}]}}