{"id":6585,"date":"2023-03-17T13:40:48","date_gmt":"2023-03-17T12:40:48","guid":{"rendered":"https:\/\/wels.edulead.net\/?post_type=tagungen&#038;p=6585"},"modified":"2024-05-08T12:14:26","modified_gmt":"2024-05-08T10:14:26","slug":"welsfocus-2023","status":"publish","type":"tagungen","link":"https:\/\/wels.edulead.net\/en\/tagungen\/welsfocus-2023\/","title":{"rendered":"World Education Leadership Symposium 2023 online Focus &#8220;Personalmangel&#8221;"},"content":{"rendered":"<p>Schulischer Personalmangel in Deutschland, \u00d6sterreich und der Schweiz \u2013\u00a0Problemlagen und L\u00f6sungsm\u00f6glichkeiten<\/p>\n\n<table id=\"tablepress-29\" class=\"tablepress tablepress-id-29 tablepress-responsive tbody-has-connected-cells\">\n<tbody class=\"row-striping row-hover\">\n<tr class=\"row-1\">\n\t<td colspan=\"2\" class=\"column-1\"><strong>Plenumsprogramm<\/strong><\/td>\n<\/tr>\n<tr class=\"row-2\">\n\t<td class=\"column-1\">15.00-15.15<\/td><td class=\"column-2\"><strong>Begr\u00fc\u00dfung und Einf\u00fchrung in das Thema<\/strong><br \/>\nProf. Dr. Stephan Gerhard Huber<br \/>\nP\u00e4dagogische Hochschule Zug und P\u00e4dagogische Hochschule Schwyz, Schweiz, sowie Johannes Kepler Universit\u00e4t Linz, \u00d6sterreich<\/td>\n<\/tr>\n<tr class=\"row-3\">\n\t<td class=\"column-1\">15.15-15.45<\/td><td class=\"column-2\"><strong>Impulse zum schulischen Personalmangel<\/strong><br \/>\nExpertinnen und Experten geben ein kurzes Statement <br \/>\nu.a. mit <br \/>\nChristine Obermayr, Vereinigung p\u00e4dagogischer F\u00fchrungskr\u00e4fte Austria, \u00d6sterreich<br \/>\nemer. Univ.-Prof. Dr. Dr. Christiane Spiel, Universit\u00e4t Wien, \u00d6sterreich<br \/>\nSandra Locher Benguerel, Nationalrat Graub\u00fcnden, Dachverband Lehrerinnen und Lehrer, Schweiz<br \/>\nSara Kurmann, Dachverband Lehrerinnen und Lehrer, Schweiz<br \/>\nSiegfried Arnz, ehem. Senatsverwaltung Berlin, Deutschland <br \/>\nProf. Dr. Stephan Huber, PH Zug, PH Schwyz, Schweiz, Johannes Kepler Universit\u00e4t, \u00d6sterreich<\/td>\n<\/tr>\n<tr class=\"row-4\">\n\t<td class=\"column-1\">15.45-16.00<\/td><td class=\"column-2\"><strong>Parallele Diskussionsforen mit unterschiedlichen Foki<\/strong><br \/>\nmit Schreibtool <\/td>\n<\/tr>\n<tr class=\"row-5\">\n\t<td colspan=\"2\" class=\"column-1\"><strong>Parallelprogramm<\/strong><\/td>\n<\/tr>\n<tr class=\"row-6\">\n\t<td rowspan=\"6\" class=\"column-1\">16.00-16.45<\/td><td class=\"column-2\"><strong>I-1 Lehrpersonen - Problemanalyse, Spannungsfelder, L\u00f6sungsans\u00e4tze<\/strong><br \/>\nInput geben u.a. <br \/>\nSimone Fleischmann, Bayerischer Lehrer- und Lehrerinnenverband, Deutschland <br \/>\nDagmar R\u00f6sler, Dachverband Lehrerinnen und Lehrer, Schweiz <br \/>\nModeration: Simone Fleischmann<br \/>\nCo-Host: Julia Schaub, P\u00e4dagogische Hochschule Zug, Schweiz<\/td>\n<\/tr>\n<tr class=\"row-7\">\n\t<td class=\"column-2\"><strong>I-2 Schulsozialarbeiter*innen, Schulpsycholog*innen, Sonderp\u00e4dagog*innen, Heilp\u00e4dagog*innen, administratives Personal, Personal f\u00fcr den Ganztag - Problemanalyse, Spannungsfelder, L\u00f6sungsans\u00e4tze<\/strong><br \/>\nInput und Moderation: Rainer Devanti\u00e9, Laborschule Bielefeld, Deutschland<br \/>\nCo-Host: Manuela Egger, P\u00e4dagogische Hochschule Zug, Schweiz<\/td>\n<\/tr>\n<tr class=\"row-8\">\n\t<td class=\"column-2\"><strong>I-3 Lehrer*innenbildung (Phase 1) - Qualit\u00e4ten der Professionalisierung<\/strong><br \/>\nInput geben u.a.<br \/>\nDr. phil. Birgit Weyand, Universit\u00e4t Trier, Deutschland<br \/>\nProf. Dr. Katja Koch, Universit\u00e4t Rostock, Deutschland<br \/>\nUniv.-Prof. Dr. Christoph Helm, Johannes Kepler Universit\u00e4t Linz, \u00d6sterreich<br \/>\nModeration: Dr. Birgit Weyand<br \/>\nCo-Host: Paula G\u00fcnther, P\u00e4dagogische Hochschule Zug, Schweiz<\/td>\n<\/tr>\n<tr class=\"row-9\">\n\t<td class=\"column-2\"><strong>I-4 Lehrer*innenbildung (Phase 2) - Qualit\u00e4ten der Professionalisierung<\/strong><br \/>\nInput geben u.a.<br \/>\nDr. Patrick Meier, Amt f\u00fcr Volksschulen und Sport im Kanton Nidwalden, Schweiz <br \/>\nMonika Faltermeier, Junger Bayerischer Lehrer- und Lehrerinnenverband, Deutschland <br \/>\nGudrun Wolters-Vogeler, Allgemeiner Schulleitungsverband Deutschland e.V., Deutschland<br \/>\nModeration: Monika Faltermeier<br \/>\nCo-Host: David Studer, P\u00e4dagogische Hochschule Zug, Schweiz<\/td>\n<\/tr>\n<tr class=\"row-10\">\n\t<td class=\"column-2\"><strong>I-5 Digitalit\u00e4t, Stundenplan- und Unterrichtsgestaltung - Herausforderungen und Chancen<\/strong><br \/>\nInput geben u.a.<br \/>\nDr. Gesa Ramm, Institut f\u00fcr Qualit\u00e4tsentwicklung an Schulen Schleswig-Holstein, Deutschland<br \/>\nProf. Dr. Stephan Huber, PH Zug, PH Schwyz, Schweiz, Johannes Kepler Universit\u00e4t, \u00d6sterreich<br \/>\nModeration: Dr. Gesa Ramm<br \/>\nCo-Host: Juliana Hoffmann, P\u00e4dagogische Hochschule Zug, Schweiz<\/td>\n<\/tr>\n<tr class=\"row-11\">\n\t<td class=\"column-2\"><strong>I-6 Erfahrungen im internationalen Kontext<\/strong><br \/>\nInput geben u.a.<br \/>\nSybille Engelke, Internationale Deutsche Schule Paris, Frankreich <br \/>\nCarolin Schaper, Studienseminar Hildesheim, Deutschland <br \/>\nModeration: Simon B\u00f6ker, Deutsche Schule Shanghai, China <br \/>\nCo-Host: Mareen L\u00fcke, P\u00e4dagogische Hochschule Zug, Schweiz<\/td>\n<\/tr>\n<tr class=\"row-12\">\n\t<td class=\"column-1\">16.45-17.00<\/td><td class=\"column-2\"><strong>Pause<\/strong><\/td>\n<\/tr>\n<tr class=\"row-13\">\n\t<td rowspan=\"5\" class=\"column-1\">17.00-17.45<\/td><td class=\"column-2\"><strong>II-1 Schulleiter*innen - Problemanalyse, Spannungsfelder, L\u00f6sungsans\u00e4tze<\/strong><br \/>\nInput geben u.a.<br \/>\nHS-Prof. Dr. Petra Hei\u00dfenberger, P\u00e4dagogische Hochschule Nieder\u00f6sterreich<br \/>\nGudrun Wolters-Vogeler, Allgemeiner Schulleitungsverband Deutschland e.V., Deutschland <br \/>\nProf. Dr. Stephan Huber, PH Zug, PH Schwyz, Schweiz, Johannes Kepler Universit\u00e4t, \u00d6sterreich<br \/>\nModeration: Prof. Dr. Stephan Huber<br \/>\nCo-Host: Gregor Steinbei\u00df, Johannes Kepler Universit\u00e4t Linz, \u00d6sterreich<\/td>\n<\/tr>\n<tr class=\"row-14\">\n\t<td class=\"column-2\"><strong>II-2 Umbau der Schule zu einem Edukatop - einen Ort, wo Sch\u00fcler*innen und Mitarbeitende gerne sind<\/strong><br \/>\nInput geben u.a.<br \/>\nDr. Christian Timo Zenke, Universit\u00e4t Bielefeld, Deutschland<br \/>\nRainer Devanti\u00e9, Laborschule Bielefeld, Deutschland <br \/>\nLarissa Lusnig, P\u00e4dagogische Hochschule Zug, Schweiz<br \/>\nModeration: Dr. Christian Timo Zenke und Rainer Devanti\u00e9<br \/>\nCo-Host: Larissa Lusnig<\/td>\n<\/tr>\n<tr class=\"row-15\">\n\t<td class=\"column-2\"><strong>II-3 Personalmangel bei Schulen in herausfordernder Lage (im Brennpunkt) - Herausforderungen und Chancen<\/strong><br \/>\nInput geben u.a.<br \/>\nMiriam Fleischmann, W\u00fcbben Stiftung, Deutschland <br \/>\nLisa Klein, Teach First Deutschland<br \/>\nJane Pruitt, P\u00e4dagogische Hochschule Zug, Schweiz<br \/>\nModeration: Miriam Fleischmann<br \/>\nCo-Host: Jane Pruitt<\/td>\n<\/tr>\n<tr class=\"row-16\">\n\t<td class=\"column-2\"><strong>II-4 Quer- und Seiteneinstieg - Herausforderungen und Chancen<\/strong><br \/>\nu.a. mit<br \/>\nUniv.-Prof. Dr. Erwin Rauscher, P\u00e4dagogische Hochschule Nieder\u00f6sterreich <br \/>\nBisera Mladenovska, Universit\u00e4t Bremen, Deutschland <br \/>\nModeration: Univ.-Prof. Dr. Erwin Rauscher<br \/>\nCo-Host: Juliana Hoffmann, P\u00e4dagogische Hochschule Zug, Schweiz<\/td>\n<\/tr>\n<tr class=\"row-17\">\n\t<td class=\"column-2\"><strong>II-5 Fort- und Weiterbildung f\u00fcr Lehrer*innen und Schulleiter*innen (Phase 3) - Qualit\u00e4ten der Professionalisierung<\/strong><br \/>\nInput geben u.a.<br \/>\nProf. Dr. Wolfgang B\u00f6ttcher, Universit\u00e4t M\u00fcnster, Deutschland<br \/>\nProf. Klaus-Michael R\u00fchland, P\u00e4dagogische Hochschule Salzburg, \u00d6sterreich<br \/>\nModeration: Prof. Dr. Wolfgang B\u00f6ttcher<br \/>\nCo-Host: Julia Schneider, P\u00e4dagogische Hochschule Zug, Schweiz<\/td>\n<\/tr>\n<tr class=\"row-18\">\n\t<td colspan=\"2\" class=\"column-1\"><strong>Plenumsprogramm<\/strong><\/td>\n<\/tr>\n<tr class=\"row-19\">\n\t<td class=\"column-1\">17.45-18.15<\/td><td class=\"column-2\"><strong>Strategien gegen den Personalmangel und f\u00fcr mehr Bildungsqualit\u00e4t<\/strong><br \/>\nStatements aus den Diskussionsforen<br \/>\n<\/td>\n<\/tr>\n<tr class=\"row-20\">\n\t<td class=\"column-1\">18.15-18.30<\/td><td class=\"column-2\"><strong>Fazit und Ausblick<\/strong><\/td>\n<\/tr>\n<tr class=\"row-21\">\n\t<td class=\"column-1\">18.30-19.00<\/td><td class=\"column-2\"><strong>Meet and Greet im virtuellen Ap\u00e9ro<\/strong><\/td>\n<\/tr>\n<\/tbody>\n<\/table>\n<!-- #tablepress-29 from cache -->\n","protected":false},"excerpt":{"rendered":"<p>Schulischer Personalmangel in Deutschland, \u00d6sterreich und der Schweiz \u2013\u00a0Problemlagen und L\u00f6sungsm\u00f6glichkeiten<\/p>\n","protected":false},"featured_media":6930,"template":"","meta":[],"categories":[57],"tags":[],"kategorie":[],"class_list":["post-6585","tagungen","type-tagungen","status-publish","has-post-thumbnail","hentry","category-tagungen"],"yoast_head":"<!-- This site is optimized with the Yoast SEO plugin v27.1.1 - https:\/\/yoast.com\/product\/yoast-seo-wordpress\/ -->\n<title>World Education Leadership Symposium 2023 online Focus &quot;Personalmangel&quot; - World Education Leadership Symposium 2022<\/title>\n<meta name=\"robots\" content=\"index, follow, max-snippet:-1, max-image-preview:large, max-video-preview:-1\" \/>\n<link rel=\"canonical\" href=\"https:\/\/wels.edulead.net\/en\/tagungen\/welsfocus-2023\/\" \/>\n<meta property=\"og:locale\" content=\"en_US\" \/>\n<meta property=\"og:type\" content=\"article\" \/>\n<meta property=\"og:title\" content=\"World Education Leadership Symposium 2023 online Focus &quot;Personalmangel&quot; - World Education Leadership Symposium 2022\" \/>\n<meta property=\"og:description\" content=\"Schulischer Personalmangel in Deutschland, \u00d6sterreich und der Schweiz \u2013\u00a0Problemlagen und L\u00f6sungsm\u00f6glichkeiten\" \/>\n<meta property=\"og:url\" content=\"https:\/\/wels.edulead.net\/en\/tagungen\/welsfocus-2023\/\" \/>\n<meta property=\"og:site_name\" content=\"World Education Leadership Symposium 2022\" \/>\n<meta property=\"article:modified_time\" content=\"2024-05-08T10:14:26+00:00\" \/>\n<meta property=\"og:image\" content=\"https:\/\/wels.edulead.net\/wp-content\/uploads\/sites\/12\/2023\/03\/WhatsApp-Bild-2023-03-15-um-15.57.19.jpg\" \/>\n\t<meta property=\"og:image:width\" content=\"1520\" \/>\n\t<meta property=\"og:image:height\" content=\"882\" \/>\n\t<meta property=\"og:image:type\" content=\"image\/jpeg\" \/>\n<meta name=\"twitter:card\" content=\"summary_large_image\" \/>\n<meta name=\"twitter:label1\" content=\"Est. reading time\" \/>\n\t<meta name=\"twitter:data1\" content=\"1 minute\" \/>\n<script type=\"application\/ld+json\" class=\"yoast-schema-graph\">{\"@context\":\"https:\/\/schema.org\",\"@graph\":[{\"@type\":\"WebPage\",\"@id\":\"https:\/\/wels.edulead.net\/en\/tagungen\/welsfocus-2023\/\",\"url\":\"https:\/\/wels.edulead.net\/en\/tagungen\/welsfocus-2023\/\",\"name\":\"World Education Leadership Symposium 2023 online Focus \\\"Personalmangel\\\" - World Education Leadership Symposium 2022\",\"isPartOf\":{\"@id\":\"https:\/\/wels.edulead.net\/en\/#website\"},\"primaryImageOfPage\":{\"@id\":\"https:\/\/wels.edulead.net\/en\/tagungen\/welsfocus-2023\/#primaryimage\"},\"image\":{\"@id\":\"https:\/\/wels.edulead.net\/en\/tagungen\/welsfocus-2023\/#primaryimage\"},\"thumbnailUrl\":\"https:\/\/wels.edulead.net\/wp-content\/uploads\/sites\/12\/2023\/03\/WhatsApp-Bild-2023-03-15-um-15.57.19.jpg\",\"datePublished\":\"2023-03-17T12:40:48+00:00\",\"dateModified\":\"2024-05-08T10:14:26+00:00\",\"breadcrumb\":{\"@id\":\"https:\/\/wels.edulead.net\/en\/tagungen\/welsfocus-2023\/#breadcrumb\"},\"inLanguage\":\"en-US\",\"potentialAction\":[{\"@type\":\"ReadAction\",\"target\":[\"https:\/\/wels.edulead.net\/en\/tagungen\/welsfocus-2023\/\"]}]},{\"@type\":\"ImageObject\",\"inLanguage\":\"en-US\",\"@id\":\"https:\/\/wels.edulead.net\/en\/tagungen\/welsfocus-2023\/#primaryimage\",\"url\":\"https:\/\/wels.edulead.net\/wp-content\/uploads\/sites\/12\/2023\/03\/WhatsApp-Bild-2023-03-15-um-15.57.19.jpg\",\"contentUrl\":\"https:\/\/wels.edulead.net\/wp-content\/uploads\/sites\/12\/2023\/03\/WhatsApp-Bild-2023-03-15-um-15.57.19.jpg\",\"width\":1520,\"height\":882},{\"@type\":\"BreadcrumbList\",\"@id\":\"https:\/\/wels.edulead.net\/en\/tagungen\/welsfocus-2023\/#breadcrumb\",\"itemListElement\":[{\"@type\":\"ListItem\",\"position\":1,\"name\":\"WELS\",\"item\":\"https:\/\/wels.edulead.net\/en\/\"},{\"@type\":\"ListItem\",\"position\":2,\"name\":\"World Education Leadership Symposium 2023 online Focus &#8222;Personalmangel&#8220;\"}]},{\"@type\":\"WebSite\",\"@id\":\"https:\/\/wels.edulead.net\/en\/#website\",\"url\":\"https:\/\/wels.edulead.net\/en\/\",\"name\":\"World Education Leadership Symposium 2022\",\"description\":\"World Education Leadership Symposium\",\"publisher\":{\"@id\":\"https:\/\/wels.edulead.net\/en\/#organization\"},\"potentialAction\":[{\"@type\":\"SearchAction\",\"target\":{\"@type\":\"EntryPoint\",\"urlTemplate\":\"https:\/\/wels.edulead.net\/en\/?s={search_term_string}\"},\"query-input\":{\"@type\":\"PropertyValueSpecification\",\"valueRequired\":true,\"valueName\":\"search_term_string\"}}],\"inLanguage\":\"en-US\"},{\"@type\":\"Organization\",\"@id\":\"https:\/\/wels.edulead.net\/en\/#organization\",\"name\":\"World Education Leadership Symposium 2022\",\"url\":\"https:\/\/wels.edulead.net\/en\/\",\"logo\":{\"@type\":\"ImageObject\",\"inLanguage\":\"en-US\",\"@id\":\"https:\/\/wels.edulead.net\/en\/#\/schema\/logo\/image\/\",\"url\":\"https:\/\/wels.edulead.net\/wp-content\/uploads\/sites\/12\/2021\/03\/cropped-wels-logo-512-1.png\",\"contentUrl\":\"https:\/\/wels.edulead.net\/wp-content\/uploads\/sites\/12\/2021\/03\/cropped-wels-logo-512-1.png\",\"width\":1080,\"height\":1080,\"caption\":\"World Education Leadership Symposium 2022\"},\"image\":{\"@id\":\"https:\/\/wels.edulead.net\/en\/#\/schema\/logo\/image\/\"}}]}<\/script>\n<!-- \/ Yoast SEO plugin. -->","yoast_head_json":{"title":"World Education Leadership Symposium 2023 online Focus \"Personalmangel\" - World Education Leadership Symposium 2022","robots":{"index":"index","follow":"follow","max-snippet":"max-snippet:-1","max-image-preview":"max-image-preview:large","max-video-preview":"max-video-preview:-1"},"canonical":"https:\/\/wels.edulead.net\/en\/tagungen\/welsfocus-2023\/","og_locale":"en_US","og_type":"article","og_title":"World Education Leadership Symposium 2023 online Focus \"Personalmangel\" - World Education Leadership Symposium 2022","og_description":"Schulischer Personalmangel in Deutschland, \u00d6sterreich und der Schweiz \u2013\u00a0Problemlagen und L\u00f6sungsm\u00f6glichkeiten","og_url":"https:\/\/wels.edulead.net\/en\/tagungen\/welsfocus-2023\/","og_site_name":"World Education Leadership Symposium 2022","article_modified_time":"2024-05-08T10:14:26+00:00","og_image":[{"width":1520,"height":882,"url":"https:\/\/wels.edulead.net\/wp-content\/uploads\/sites\/12\/2023\/03\/WhatsApp-Bild-2023-03-15-um-15.57.19.jpg","type":"image\/jpeg"}],"twitter_card":"summary_large_image","twitter_misc":{"Est. reading time":"1 minute"},"schema":{"@context":"https:\/\/schema.org","@graph":[{"@type":"WebPage","@id":"https:\/\/wels.edulead.net\/en\/tagungen\/welsfocus-2023\/","url":"https:\/\/wels.edulead.net\/en\/tagungen\/welsfocus-2023\/","name":"World Education Leadership Symposium 2023 online Focus \"Personalmangel\" - World Education Leadership Symposium 2022","isPartOf":{"@id":"https:\/\/wels.edulead.net\/en\/#website"},"primaryImageOfPage":{"@id":"https:\/\/wels.edulead.net\/en\/tagungen\/welsfocus-2023\/#primaryimage"},"image":{"@id":"https:\/\/wels.edulead.net\/en\/tagungen\/welsfocus-2023\/#primaryimage"},"thumbnailUrl":"https:\/\/wels.edulead.net\/wp-content\/uploads\/sites\/12\/2023\/03\/WhatsApp-Bild-2023-03-15-um-15.57.19.jpg","datePublished":"2023-03-17T12:40:48+00:00","dateModified":"2024-05-08T10:14:26+00:00","breadcrumb":{"@id":"https:\/\/wels.edulead.net\/en\/tagungen\/welsfocus-2023\/#breadcrumb"},"inLanguage":"en-US","potentialAction":[{"@type":"ReadAction","target":["https:\/\/wels.edulead.net\/en\/tagungen\/welsfocus-2023\/"]}]},{"@type":"ImageObject","inLanguage":"en-US","@id":"https:\/\/wels.edulead.net\/en\/tagungen\/welsfocus-2023\/#primaryimage","url":"https:\/\/wels.edulead.net\/wp-content\/uploads\/sites\/12\/2023\/03\/WhatsApp-Bild-2023-03-15-um-15.57.19.jpg","contentUrl":"https:\/\/wels.edulead.net\/wp-content\/uploads\/sites\/12\/2023\/03\/WhatsApp-Bild-2023-03-15-um-15.57.19.jpg","width":1520,"height":882},{"@type":"BreadcrumbList","@id":"https:\/\/wels.edulead.net\/en\/tagungen\/welsfocus-2023\/#breadcrumb","itemListElement":[{"@type":"ListItem","position":1,"name":"WELS","item":"https:\/\/wels.edulead.net\/en\/"},{"@type":"ListItem","position":2,"name":"World Education Leadership Symposium 2023 online Focus &#8222;Personalmangel&#8220;"}]},{"@type":"WebSite","@id":"https:\/\/wels.edulead.net\/en\/#website","url":"https:\/\/wels.edulead.net\/en\/","name":"World Education Leadership Symposium 2022","description":"World Education Leadership Symposium","publisher":{"@id":"https:\/\/wels.edulead.net\/en\/#organization"},"potentialAction":[{"@type":"SearchAction","target":{"@type":"EntryPoint","urlTemplate":"https:\/\/wels.edulead.net\/en\/?s={search_term_string}"},"query-input":{"@type":"PropertyValueSpecification","valueRequired":true,"valueName":"search_term_string"}}],"inLanguage":"en-US"},{"@type":"Organization","@id":"https:\/\/wels.edulead.net\/en\/#organization","name":"World Education Leadership Symposium 2022","url":"https:\/\/wels.edulead.net\/en\/","logo":{"@type":"ImageObject","inLanguage":"en-US","@id":"https:\/\/wels.edulead.net\/en\/#\/schema\/logo\/image\/","url":"https:\/\/wels.edulead.net\/wp-content\/uploads\/sites\/12\/2021\/03\/cropped-wels-logo-512-1.png","contentUrl":"https:\/\/wels.edulead.net\/wp-content\/uploads\/sites\/12\/2021\/03\/cropped-wels-logo-512-1.png","width":1080,"height":1080,"caption":"World Education Leadership Symposium 2022"},"image":{"@id":"https:\/\/wels.edulead.net\/en\/#\/schema\/logo\/image\/"}}]}},"_links":{"self":[{"href":"https:\/\/wels.edulead.net\/en\/wp-json\/wp\/v2\/tagungen\/6585","targetHints":{"allow":["GET"]}}],"collection":[{"href":"https:\/\/wels.edulead.net\/en\/wp-json\/wp\/v2\/tagungen"}],"about":[{"href":"https:\/\/wels.edulead.net\/en\/wp-json\/wp\/v2\/types\/tagungen"}],"wp:featuredmedia":[{"embeddable":true,"href":"https:\/\/wels.edulead.net\/en\/wp-json\/wp\/v2\/media\/6930"}],"wp:attachment":[{"href":"https:\/\/wels.edulead.net\/en\/wp-json\/wp\/v2\/media?parent=6585"}],"wp:term":[{"taxonomy":"category","embeddable":true,"href":"https:\/\/wels.edulead.net\/en\/wp-json\/wp\/v2\/categories?post=6585"},{"taxonomy":"post_tag","embeddable":true,"href":"https:\/\/wels.edulead.net\/en\/wp-json\/wp\/v2\/tags?post=6585"},{"taxonomy":"kategorie","embeddable":true,"href":"https:\/\/wels.edulead.net\/en\/wp-json\/wp\/v2\/kategorie?post=6585"}],"curies":[{"name":"wp","href":"https:\/\/api.w.org\/{rel}","templated":true}]}}